{"id":8,"date":"2018-03-12T14:25:45","date_gmt":"2018-03-12T13:25:45","guid":{"rendered":"http:\/\/2018.hoenninger-wohnbau.de\/test-loremstrasse\/?page_id=8"},"modified":"2026-04-17T17:00:10","modified_gmt":"2026-04-17T15:00:10","slug":"grundrisse","status":"publish","type":"page","link":"https:\/\/alto30.de\/reihen-haus\/grundrisse\/","title":{"rendered":"Grundrisse"},"content":{"rendered":"\n<div class=\"wp-block-ma-blocks-ma-swiper  is-cropped alignfull\" data-swiper-autoplay=\"6000\" data-speed=\"300\" data-slidesperview=\"3\" data-effect=\"slide\"><ul class=\"swiper-wrapper\"><li class=\"blocks-gallery-item swiper-slide\"><figure><img loading=\"lazy\" decoding=\"async\" width=\"2000\" height=\"1333\" src=\"https:\/\/alto30.de\/reihenhaus\/wp-content\/uploads\/sites\/5\/2022\/10\/cam_innen_H3.W11.D06_002_final_web_1.jpg\" alt=\"\" data-id=\"694\" data-link=\"https:\/\/alto30.de\/mehrfamilienhaus\/grundrisse\/cam_innen_h3-w11-d06_002_final_web_1-2\/\" class=\"wp-image-694\" srcset=\"https:\/\/alto30.de\/reihen-haus\/wp-content\/uploads\/sites\/5\/2022\/10\/cam_innen_H3.W11.D06_002_final_web_1.jpg 2000w, https:\/\/alto30.de\/reihen-haus\/wp-content\/uploads\/sites\/5\/2022\/10\/cam_innen_H3.W11.D06_002_final_web_1-300x200.jpg 300w, https:\/\/alto30.de\/reihen-haus\/wp-content\/uploads\/sites\/5\/2022\/10\/cam_innen_H3.W11.D06_002_final_web_1-1024x682.jpg 1024w, https:\/\/alto30.de\/reihen-haus\/wp-content\/uploads\/sites\/5\/2022\/10\/cam_innen_H3.W11.D06_002_final_web_1-768x512.jpg 768w, https:\/\/alto30.de\/reihen-haus\/wp-content\/uploads\/sites\/5\/2022\/10\/cam_innen_H3.W11.D06_002_final_web_1-1536x1024.jpg 1536w\" sizes=\"(max-width: 2000px) 100vw, 2000px\" \/><\/figure><\/li><li class=\"blocks-gallery-item swiper-slide\"><figure><img loading=\"lazy\" decoding=\"async\" width=\"2000\" height=\"1333\" src=\"https:\/\/alto30.de\/reihenhaus\/wp-content\/uploads\/sites\/5\/2022\/10\/cam_aussen_001_web_1.jpg\" alt=\"\" data-id=\"695\" data-link=\"https:\/\/alto30.de\/mehrfamilienhaus\/grundrisse\/cam_aussen_001_web_1\/\" class=\"wp-image-695\" srcset=\"https:\/\/alto30.de\/reihen-haus\/wp-content\/uploads\/sites\/5\/2022\/10\/cam_aussen_001_web_1.jpg 2000w, https:\/\/alto30.de\/reihen-haus\/wp-content\/uploads\/sites\/5\/2022\/10\/cam_aussen_001_web_1-300x200.jpg 300w, https:\/\/alto30.de\/reihen-haus\/wp-content\/uploads\/sites\/5\/2022\/10\/cam_aussen_001_web_1-1024x682.jpg 1024w, https:\/\/alto30.de\/reihen-haus\/wp-content\/uploads\/sites\/5\/2022\/10\/cam_aussen_001_web_1-768x512.jpg 768w, https:\/\/alto30.de\/reihen-haus\/wp-content\/uploads\/sites\/5\/2022\/10\/cam_aussen_001_web_1-1536x1024.jpg 1536w\" sizes=\"(max-width: 2000px) 100vw, 2000px\" \/><\/figure><\/li><li class=\"blocks-gallery-item swiper-slide\"><figure><img loading=\"lazy\" decoding=\"async\" width=\"2000\" height=\"1333\" src=\"https:\/\/alto30.de\/reihenhaus\/wp-content\/uploads\/sites\/5\/2022\/10\/cam_aussen_002_web_1.jpg\" alt=\"\" data-id=\"696\" data-link=\"https:\/\/alto30.de\/mehrfamilienhaus\/grundrisse\/cam_aussen_002_web_1\/\" class=\"wp-image-696\" srcset=\"https:\/\/alto30.de\/reihen-haus\/wp-content\/uploads\/sites\/5\/2022\/10\/cam_aussen_002_web_1.jpg 2000w, https:\/\/alto30.de\/reihen-haus\/wp-content\/uploads\/sites\/5\/2022\/10\/cam_aussen_002_web_1-300x200.jpg 300w, https:\/\/alto30.de\/reihen-haus\/wp-content\/uploads\/sites\/5\/2022\/10\/cam_aussen_002_web_1-1024x682.jpg 1024w, https:\/\/alto30.de\/reihen-haus\/wp-content\/uploads\/sites\/5\/2022\/10\/cam_aussen_002_web_1-768x512.jpg 768w, https:\/\/alto30.de\/reihen-haus\/wp-content\/uploads\/sites\/5\/2022\/10\/cam_aussen_002_web_1-1536x1024.jpg 1536w\" sizes=\"(max-width: 2000px) 100vw, 2000px\" \/><\/figure><\/li><li class=\"blocks-gallery-item swiper-slide\"><figure><img loading=\"lazy\" decoding=\"async\" width=\"2000\" height=\"1333\" src=\"https:\/\/alto30.de\/reihenhaus\/wp-content\/uploads\/sites\/5\/2022\/10\/cam_aussen_008_web_1.jpg\" alt=\"\" data-id=\"697\" data-link=\"https:\/\/alto30.de\/mehrfamilienhaus\/grundrisse\/cam_aussen_008_web_1\/\" class=\"wp-image-697\" srcset=\"https:\/\/alto30.de\/reihen-haus\/wp-content\/uploads\/sites\/5\/2022\/10\/cam_aussen_008_web_1.jpg 2000w, https:\/\/alto30.de\/reihen-haus\/wp-content\/uploads\/sites\/5\/2022\/10\/cam_aussen_008_web_1-300x200.jpg 300w, https:\/\/alto30.de\/reihen-haus\/wp-content\/uploads\/sites\/5\/2022\/10\/cam_aussen_008_web_1-1024x682.jpg 1024w, https:\/\/alto30.de\/reihen-haus\/wp-content\/uploads\/sites\/5\/2022\/10\/cam_aussen_008_web_1-768x512.jpg 768w, https:\/\/alto30.de\/reihen-haus\/wp-content\/uploads\/sites\/5\/2022\/10\/cam_aussen_008_web_1-1536x1024.jpg 1536w\" sizes=\"(max-width: 2000px) 100vw, 2000px\" \/><\/figure><\/li><li class=\"blocks-gallery-item swiper-slide\"><figure><img loading=\"lazy\" decoding=\"async\" width=\"2000\" height=\"1333\" src=\"https:\/\/alto30.de\/reihenhaus\/wp-content\/uploads\/sites\/5\/2022\/10\/cam_aussen_010_final_ALTERNATIVE__web_1.jpg\" alt=\"\" data-id=\"698\" data-link=\"https:\/\/alto30.de\/mehrfamilienhaus\/grundrisse\/cam_aussen_010_final_alternative__web_1\/\" class=\"wp-image-698\" srcset=\"https:\/\/alto30.de\/reihen-haus\/wp-content\/uploads\/sites\/5\/2022\/10\/cam_aussen_010_final_ALTERNATIVE__web_1.jpg 2000w, https:\/\/alto30.de\/reihen-haus\/wp-content\/uploads\/sites\/5\/2022\/10\/cam_aussen_010_final_ALTERNATIVE__web_1-300x200.jpg 300w, https:\/\/alto30.de\/reihen-haus\/wp-content\/uploads\/sites\/5\/2022\/10\/cam_aussen_010_final_ALTERNATIVE__web_1-1024x682.jpg 1024w, https:\/\/alto30.de\/reihen-haus\/wp-content\/uploads\/sites\/5\/2022\/10\/cam_aussen_010_final_ALTERNATIVE__web_1-768x512.jpg 768w, https:\/\/alto30.de\/reihen-haus\/wp-content\/uploads\/sites\/5\/2022\/10\/cam_aussen_010_final_ALTERNATIVE__web_1-1536x1024.jpg 1536w\" sizes=\"(max-width: 2000px) 100vw, 2000px\" \/><\/figure><\/li><li class=\"blocks-gallery-item swiper-slide\"><figure><img loading=\"lazy\" decoding=\"async\" width=\"2000\" height=\"1333\" src=\"https:\/\/alto30.de\/reihenhaus\/wp-content\/uploads\/sites\/5\/2022\/10\/cam_innen_H2.W03.E04_web_1.jpg\" alt=\"\" data-id=\"702\" data-link=\"https:\/\/alto30.de\/mehrfamilienhaus\/grundrisse\/cam_innen_h2-w03-e04_web_1\/\" class=\"wp-image-702\" srcset=\"https:\/\/alto30.de\/reihen-haus\/wp-content\/uploads\/sites\/5\/2022\/10\/cam_innen_H2.W03.E04_web_1.jpg 2000w, https:\/\/alto30.de\/reihen-haus\/wp-content\/uploads\/sites\/5\/2022\/10\/cam_innen_H2.W03.E04_web_1-300x200.jpg 300w, https:\/\/alto30.de\/reihen-haus\/wp-content\/uploads\/sites\/5\/2022\/10\/cam_innen_H2.W03.E04_web_1-1024x682.jpg 1024w, https:\/\/alto30.de\/reihen-haus\/wp-content\/uploads\/sites\/5\/2022\/10\/cam_innen_H2.W03.E04_web_1-768x512.jpg 768w, https:\/\/alto30.de\/reihen-haus\/wp-content\/uploads\/sites\/5\/2022\/10\/cam_innen_H2.W03.E04_web_1-1536x1024.jpg 1536w\" sizes=\"(max-width: 2000px) 100vw, 2000px\" \/><\/figure><\/li><li class=\"blocks-gallery-item swiper-slide\"><figure><img loading=\"lazy\" decoding=\"async\" width=\"2000\" height=\"1333\" src=\"https:\/\/alto30.de\/reihenhaus\/wp-content\/uploads\/sites\/5\/2022\/10\/cam_innen_H2.W09.D05_001_web_1.jpg\" alt=\"\" data-id=\"703\" data-link=\"https:\/\/alto30.de\/mehrfamilienhaus\/grundrisse\/cam_innen_h2-w09-d05_001_web_1\/\" class=\"wp-image-703\" srcset=\"https:\/\/alto30.de\/reihen-haus\/wp-content\/uploads\/sites\/5\/2022\/10\/cam_innen_H2.W09.D05_001_web_1.jpg 2000w, https:\/\/alto30.de\/reihen-haus\/wp-content\/uploads\/sites\/5\/2022\/10\/cam_innen_H2.W09.D05_001_web_1-300x200.jpg 300w, https:\/\/alto30.de\/reihen-haus\/wp-content\/uploads\/sites\/5\/2022\/10\/cam_innen_H2.W09.D05_001_web_1-1024x682.jpg 1024w, https:\/\/alto30.de\/reihen-haus\/wp-content\/uploads\/sites\/5\/2022\/10\/cam_innen_H2.W09.D05_001_web_1-768x512.jpg 768w, https:\/\/alto30.de\/reihen-haus\/wp-content\/uploads\/sites\/5\/2022\/10\/cam_innen_H2.W09.D05_001_web_1-1536x1024.jpg 1536w\" sizes=\"(max-width: 2000px) 100vw, 2000px\" \/><\/figure><\/li><li class=\"blocks-gallery-item swiper-slide\"><figure><img loading=\"lazy\" decoding=\"async\" width=\"2000\" height=\"1333\" src=\"https:\/\/alto30.de\/reihenhaus\/wp-content\/uploads\/sites\/5\/2022\/10\/cam_innen_H3.W09.D02_002_web_1.jpg\" alt=\"\" data-id=\"704\" data-link=\"https:\/\/alto30.de\/mehrfamilienhaus\/grundrisse\/cam_innen_h3-w09-d02_002_web_1\/\" class=\"wp-image-704\" srcset=\"https:\/\/alto30.de\/reihen-haus\/wp-content\/uploads\/sites\/5\/2022\/10\/cam_innen_H3.W09.D02_002_web_1.jpg 2000w, https:\/\/alto30.de\/reihen-haus\/wp-content\/uploads\/sites\/5\/2022\/10\/cam_innen_H3.W09.D02_002_web_1-300x200.jpg 300w, https:\/\/alto30.de\/reihen-haus\/wp-content\/uploads\/sites\/5\/2022\/10\/cam_innen_H3.W09.D02_002_web_1-1024x682.jpg 1024w, https:\/\/alto30.de\/reihen-haus\/wp-content\/uploads\/sites\/5\/2022\/10\/cam_innen_H3.W09.D02_002_web_1-768x512.jpg 768w, https:\/\/alto30.de\/reihen-haus\/wp-content\/uploads\/sites\/5\/2022\/10\/cam_innen_H3.W09.D02_002_web_1-1536x1024.jpg 1536w\" sizes=\"(max-width: 2000px) 100vw, 2000px\" \/><\/figure><\/li><\/ul><div class=\"content-overlay\"><\/div><\/div>\n\n\n\n<figure class=\"wp-block-table is-style-stripes\"><table><thead><tr><td>Bezeichnung<\/td><td>Etage<\/td><td class=\"has-text-align-center\" data-align=\"center\">Wohnfl\u00e4che (m<sup>2<\/sup>)<\/td><td class=\"has-text-align-center\" data-align=\"center\">Nutzfl\u00e4che (m<sup>2<\/sup>)<\/td><td>Wohnungstyp<\/td><td>Kaufpreis<\/td><td>Grundriss PDF<\/td><\/tr><\/thead><tbody><tr><td>Reihenhaus 1<br>zzgl. Sondereigentum<\/td><td>UG+EG+OG+DG<br>Garten<\/td><td class=\"has-text-align-center\" data-align=\"center\">133,75<br><\/td><td class=\"has-text-align-center\" data-align=\"center\">35,80<br>ca. 169,75<\/td><td>Reihen-Eckhaus<\/td><td>1.250.000 \u20ac<\/td><td><a href=\"https:\/\/alto30.de\/reihen-haus\/wp-content\/uploads\/sites\/5\/2025\/12\/Alto30_H1_Reihenhaus-1_251219.pdf\" target=\"_blank\" rel=\"noreferrer noopener\">Download<\/a><\/td><\/tr><tr><td>Reihenhaus 2<br>zzgl. Sondereigentum<\/td><td>UG+EG+OG+DG<br>Garten<\/td><td class=\"has-text-align-center\" data-align=\"center\">133,66<br><\/td><td class=\"has-text-align-center\" data-align=\"center\">36,20<br>ca. 80,00<\/td><td>Reihenhaus<\/td><td>1.190.000 \u20ac<\/td><td><a href=\"https:\/\/alto30.de\/reihen-haus\/wp-content\/uploads\/sites\/5\/2025\/12\/Alto30_H1_Reihenhaus-2_251219.pdf\" target=\"_blank\" rel=\"noreferrer noopener\">Download<\/a><\/td><\/tr><tr><td>Reihenhaus 5<br>zzgl. Sondereigentum<\/td><td>UG+EG+OG+DG<br>Garten<\/td><td class=\"has-text-align-center\" data-align=\"center\">133,75<br><\/td><td class=\"has-text-align-center\" data-align=\"center\">35,80<br>ca. 95,75<\/td><td>Reihen-Eckhaus<\/td><td>1.490.000 \u20ac<\/td><td><a href=\"https:\/\/alto30.de\/reihen-haus\/wp-content\/uploads\/sites\/5\/2025\/12\/Alto30_H1_Reihenhaus-5_251219.pdf\" target=\"_blank\" rel=\"noreferrer noopener\">Download<\/a><\/td><\/tr><tr><td>TG-Einzelstellplatz<\/td><td>UG<\/td><td class=\"has-text-align-center\" data-align=\"center\"><\/td><td class=\"has-text-align-center\" data-align=\"center\"><\/td><td><\/td><td>je 39.000 \u20ac<\/td><td><a href=\"https:\/\/alto30.de\/reihenhaus\/wp-content\/uploads\/sites\/5\/2024\/10\/Alto30_TG_102024.pdf\" target=\"_blank\" rel=\"noreferrer noopener\">Download<\/a><\/td><\/tr><tr><td><\/td><td><\/td><td class=\"has-text-align-center\" data-align=\"center\"><\/td><td class=\"has-text-align-center\" data-align=\"center\"><\/td><td><\/td><td><\/td><td><\/td><\/tr><\/tbody><\/table><\/figure>\n\n\n\n<p style=\"font-size:11px\">Die Wohnfl\u00e4che ist eine \u201eNettowohnfl\u00e4che\u201c; das hei\u00dft, Fl\u00e4chen beinhalten bereits einen Putzabzug. Die Berechnung der Wohnfl\u00e4che erfolgt nach der gesetzlichen Wohnfl\u00e4chenverordnung (WoFlV). Terrassen im Erdgeschoss werden jeweils h\u00e4lftig zum Ansatz gebracht. R\u00e4ume in Untergeschossen sind nach Art. 45 BayBO keine Aufenthaltsr\u00e4ume. Trotzdem geh\u00f6ren auch die R\u00e4ume im Untergescho\u00df sowie Hobbyr\u00e4ume bzw. Flure im Untergeschoss zur Wohnfl\u00e4che im Sinne von \u00a7 2 WoFlV unabh\u00e4ngig davon, dass sie die f\u00fcr eine Nutzung als Aufenthaltsraum geltenden Anforderungen gem\u00e4\u00df Art. 45 BayBO nicht erf\u00fcllen. Im Zuge des Genehmigungsverfahrens bzw. in der Ausf\u00fchrungsplanung k\u00f6nnen sich \u00c4nderungen ergeben. Die Fl\u00e4chenangaben in Verkaufsunterlagen sind ohne Gew\u00e4hr. Die Reihenh\u00e4user verf\u00fcgen \u00fcber einen eigenen Gartenanteil (Sondereigentum).<\/p>\n","protected":false},"excerpt":{"rendered":"<p>Bezeichnung Etage Wohnfl\u00e4che (m2) Nutzfl\u00e4che (m2) Wohnungstyp Kaufpreis Grundriss PDF Reihenhaus 1zzgl. Sondereigentum UG+EG+OG+DGGarten 133,75 35,80ca. 169,75 Reihen-Eckhaus 1.250.000 \u20ac Download Reihenhaus 2zzgl. Sondereigentum UG+EG+OG+DGGarten 133,66 36,20ca. 80,00 Reihenhaus 1.190.000 \u20ac Download Reihenhaus 5zzgl. Sondereigentum UG+EG+OG+DGGarten 133,75 35,80ca. 95,75 Reihen-Eckhaus &hellip;<\/p>\n","protected":false},"author":2,"featured_media":0,"parent":0,"menu_order":0,"comment_status":"closed","ping_status":"closed","template":"","meta":{"wp_mapbox_gl_js_media":[],"footnotes":""},"class_list":["post-8","page","type-page","status-publish","hentry","post_content"],"_links":{"self":[{"href":"https:\/\/alto30.de\/reihen-haus\/wp-json\/wp\/v2\/pages\/8"}],"collection":[{"href":"https:\/\/alto30.de\/reihen-haus\/wp-json\/wp\/v2\/pages"}],"about":[{"href":"https:\/\/alto30.de\/reihen-haus\/wp-json\/wp\/v2\/types\/page"}],"author":[{"embeddable":true,"href":"https:\/\/alto30.de\/reihen-haus\/wp-json\/wp\/v2\/users\/2"}],"replies":[{"embeddable":true,"href":"https:\/\/alto30.de\/reihen-haus\/wp-json\/wp\/v2\/comments?post=8"}],"version-history":[{"count":123,"href":"https:\/\/alto30.de\/reihen-haus\/wp-json\/wp\/v2\/pages\/8\/revisions"}],"predecessor-version":[{"id":866,"href":"https:\/\/alto30.de\/reihen-haus\/wp-json\/wp\/v2\/pages\/8\/revisions\/866"}],"wp:attachment":[{"href":"https:\/\/alto30.de\/reihen-haus\/wp-json\/wp\/v2\/media?parent=8"}],"curies":[{"name":"wp","href":"https:\/\/api.w.org\/{rel}","templated":true}]}}