{"id":10,"date":"2018-03-12T14:27:14","date_gmt":"2018-03-12T13:27:14","guid":{"rendered":"http:\/\/2018.hoenninger-wohnbau.de\/test-loremstrasse\/?page_id=10"},"modified":"2025-04-23T11:05:34","modified_gmt":"2025-04-23T09:05:34","slug":"ausstattung","status":"publish","type":"page","link":"https:\/\/alto30.de\/reihen-haus\/ausstattung\/","title":{"rendered":"Ausstattung"},"content":{"rendered":"\n<div class=\"wp-block-media-text alignfull has-media-on-the-right is-image-fill is-stacked-on-mobile\"><div class=\"wp-block-media-text__content\">\n<p style=\"font-size:36px\">Die Wohnanlage auf einen Blick<\/p>\n\n\n\n<ul class=\"wp-block-list\">\n<li>Ca. 3.212 qm Grundst\u00fccksfl\u00e4che<\/li>\n\n\n\n<li>Zentrale Lage mit direkter Anbindung an den Ortskern<\/li>\n\n\n\n<li>Eine Geb\u00e4udegruppe bestehend aus 3 Einzelh\u00e4usern: eine Reihenhausanlage und zwei Mehrfamilienh\u00e4user<\/li>\n\n\n\n<li>Insgesamt 27 Wohneinheiten, davon 5 Reihenh\u00e4user und 22 Geschosswohnungen<\/li>\n\n\n\n<li>Insgesamt ca. 2.433 qm Wohnfl\u00e4che<\/li>\n\n\n\n<li>Ca. 100 qm zus\u00e4tzliche Lager- \/ Hobbyr\u00e4ume<\/li>\n\n\n\n<li>Alle Geb\u00e4ude entsprechen dem energetischen Standard \u201eGEG 40 EE\u201c<\/li>\n\n\n\n<li>H\u00e4user in S\u00fcd- oder Westausrichtung<\/li>\n\n\n\n<li>Bezug Ende 2026<\/li>\n\n\n\n<li>Gro\u00dfz\u00fcgige private Gartenanteile, Balkone oder Dachterrassen<\/li>\n\n\n\n<li>Attraktive Gemeinschaftsfl\u00e4chen und individuell gestalteter Spielplatz<\/li>\n\n\n\n<li>Zeitgem\u00e4\u00dfe Beheizung mit erneuerbaren Energien \u00fcber eine Grundwasserw\u00e4rmepumpe<\/li>\n\n\n\n<li>Vorbereitung f\u00fcr eine Photovoltaikanlage zur Stromerzeugung in gemeinschaftlicher Nutzung<\/li>\n\n\n\n<li>Ausstattung gehoben, zeitgem\u00e4\u00df und modern<\/li>\n\n\n\n<li>Personenaufzug in den Mehrfamilienh\u00e4usern<\/li>\n\n\n\n<li>Modernes Mobilit\u00e4tskonzept durch autofreies Grundst\u00fcck mit hoher Aufenthaltsqualit\u00e4t<\/li>\n\n\n\n<li>Zus\u00e4tzlich individuelle Hauseing\u00e4nge direkt von der Tiefgarage aus<\/li>\n\n\n\n<li>27 Tiefgaragenstellpl\u00e4tze, Vorbereitung f\u00fcr E-Mobilit\u00e4t<\/li>\n\n\n\n<li>Fahrradstellpl\u00e4tze in der TG mit Ladem\u00f6glichkeit, au\u00dfen teils \u00fcberdacht<\/li>\n<\/ul>\n\n\n\n<p><\/p>\n<\/div><figure class=\"wp-block-media-text__media\" style=\"background-image:url(https:\/\/alto30.de\/reihenhaus\/wp-content\/uploads\/sites\/5\/2022\/10\/cam_drohne_002_web_1-1024x767.jpg);background-position:50% 50%\"><img loading=\"lazy\" decoding=\"async\" width=\"1024\" height=\"767\" src=\"https:\/\/alto30.de\/reihenhaus\/wp-content\/uploads\/sites\/5\/2022\/10\/cam_drohne_002_web_1-1024x767.jpg\" alt=\"\" class=\"wp-image-700 size-full\" srcset=\"https:\/\/alto30.de\/reihen-haus\/wp-content\/uploads\/sites\/5\/2022\/10\/cam_drohne_002_web_1-1024x767.jpg 1024w, https:\/\/alto30.de\/reihen-haus\/wp-content\/uploads\/sites\/5\/2022\/10\/cam_drohne_002_web_1-300x225.jpg 300w, https:\/\/alto30.de\/reihen-haus\/wp-content\/uploads\/sites\/5\/2022\/10\/cam_drohne_002_web_1-768x575.jpg 768w, https:\/\/alto30.de\/reihen-haus\/wp-content\/uploads\/sites\/5\/2022\/10\/cam_drohne_002_web_1-1536x1150.jpg 1536w, https:\/\/alto30.de\/reihen-haus\/wp-content\/uploads\/sites\/5\/2022\/10\/cam_drohne_002_web_1-1367x1024.jpg 1367w, https:\/\/alto30.de\/reihen-haus\/wp-content\/uploads\/sites\/5\/2022\/10\/cam_drohne_002_web_1.jpg 2000w\" sizes=\"(max-width: 1024px) 100vw, 1024px\" \/><\/figure><\/div>\n\n\n\n<div class=\"wp-block-media-text alignfull is-image-fill is-stacked-on-mobile\"><figure class=\"wp-block-media-text__media\" style=\"background-image:url(https:\/\/alto30.de\/reihenhaus\/wp-content\/uploads\/sites\/5\/2022\/10\/cam_innen_H2.W03.E04_web_1-1024x682.jpg);background-position:50% 50%\"><img loading=\"lazy\" decoding=\"async\" width=\"1024\" height=\"682\" src=\"https:\/\/alto30.de\/reihenhaus\/wp-content\/uploads\/sites\/5\/2022\/10\/cam_innen_H2.W03.E04_web_1-1024x682.jpg\" alt=\"\" class=\"wp-image-702 size-full\" srcset=\"https:\/\/alto30.de\/reihen-haus\/wp-content\/uploads\/sites\/5\/2022\/10\/cam_innen_H2.W03.E04_web_1-1024x682.jpg 1024w, https:\/\/alto30.de\/reihen-haus\/wp-content\/uploads\/sites\/5\/2022\/10\/cam_innen_H2.W03.E04_web_1-300x200.jpg 300w, https:\/\/alto30.de\/reihen-haus\/wp-content\/uploads\/sites\/5\/2022\/10\/cam_innen_H2.W03.E04_web_1-768x512.jpg 768w, https:\/\/alto30.de\/reihen-haus\/wp-content\/uploads\/sites\/5\/2022\/10\/cam_innen_H2.W03.E04_web_1-1536x1024.jpg 1536w, https:\/\/alto30.de\/reihen-haus\/wp-content\/uploads\/sites\/5\/2022\/10\/cam_innen_H2.W03.E04_web_1.jpg 2000w\" sizes=\"(max-width: 1024px) 100vw, 1024px\" \/><\/figure><div class=\"wp-block-media-text__content\">\n<p style=\"font-size:36px\">Architektur<\/p>\n\n\n\n<ul class=\"wp-block-list\">\n<li>Gro\u00dfz\u00fcgige Wohnr\u00e4ume mit ansprechendem Schnitt<\/li>\n\n\n\n<li>Moderne und ansprechende Architektur<\/li>\n\n\n\n<li>Elegantes und durchdachtes Farbkonzept von unserem Architekten<\/li>\n\n\n\n<li>Hochwertige, energiesparende Bauweise<\/li>\n\n\n\n<li>Ausgesuchte qualitative Baumaterialien, nach M\u00f6glichkeit aus regionaler Herstellung<\/li>\n\n\n\n<li>Alle Wohnr\u00e4ume mit gro\u00dfen Fensterelementen oder Fenstert\u00fcren in hochwertigster Holz-Ausf\u00fchrung und 3-fach-Isolierverglasung<\/li>\n\n\n\n<li>Anspruchsvolle Au\u00dfenanlagengestaltung durch unseren Landschaftsarchitekten<\/li>\n\n\n\n<li>Gro\u00dfz\u00fcgige Terrassen und helle private Gartenanteile (Sondereigentum) in unterschiedlichen Gr\u00f6\u00dfen<\/li>\n\n\n\n<li>Ansprechende Gemeinschaftsfl\u00e4chen<\/li>\n\n\n\n<li>Individuell gestalteter Spielplatz<\/li>\n\n\n\n<li>Gro\u00dfr\u00e4umige Tiefgarage<\/li>\n\n\n\n<li>Weitere Fahrradabstellpl\u00e4tze in der Tiefgarage<\/li>\n\n\n\n<li>Ca. 100 qm zus\u00e4tzliche Lager- bzw. Hobbyr\u00e4ume (einzeln erwerbbar)<\/li>\n\n\n\n<li>Schl\u00fcsselfertige Herstellung<\/li>\n<\/ul>\n\n\n\n<p><\/p>\n<\/div><\/div>\n\n\n\n<div class=\"wp-block-media-text alignfull has-media-on-the-right is-image-fill is-stacked-on-mobile\"><div class=\"wp-block-media-text__content\">\n<p style=\"font-size:36px\">Haustechnik<\/p>\n\n\n\n<ul class=\"wp-block-list\">\n<li>CO2-einsparende Grundwasserw\u00e4rmepumpe, einschlie\u00dflich Vorbereitung f\u00fcr die sp\u00e4tere Nachr\u00fcstung einer Photovoltaikanlage zur erg\u00e4nzenden Eigenerzeugung des Gemeinstroms<\/li>\n\n\n\n<li>Fu\u00dfbodenheizung in allen Wohneinheiten mit komfortabler, raumweiser Steuerm\u00f6glichkeit<\/li>\n\n\n\n<li>Alle B\u00e4der mit formsch\u00f6nen Design-Badheizk\u00f6rper f\u00fcr Hand- und Badet\u00fccher<\/li>\n\n\n\n<li>Teilweise bodengleich geflieste Duschen<\/li>\n\n\n\n<li>Elektro-Schalterprogramm in reinem Wei\u00df und im zeitgem\u00e4\u00dfen geradlinigen Design von Busch Jaeger, z.\u2009B. Future\u00ae linear<\/li>\n\n\n\n<li>Multimedia-Verteiler an zentraler Stelle in jeder Wohnung<\/li>\n\n\n\n<li>Grundausstattung mit USB-Steckdosen in ausgew\u00e4hlten Positionen<\/li>\n\n\n\n<li>Anschlussfertiges Netzwerk in jedem Hauptwohnraum<\/li>\n\n\n\n<li>K\u00fcchen mit separater elektrischer Absicherung f\u00fcr z.\u2009B. Induktionsherd oder integrierte Dunstabz\u00fcge<\/li>\n\n\n\n<li>Alle KFZ-Stellpl\u00e4tze mit abschlie\u00dfbaren Doppelsteckdosen<\/li>\n\n\n\n<li>Alle Fahrradstellpl\u00e4tze in der Tiefgarage mit absperrbarer Steckdose<\/li>\n\n\n\n<li>Vorr\u00fcstung von Elektromobilit\u00e4t f\u00fcr jedem TG-Einzelstellplatz<\/li>\n\n\n\n<li>Moderne Video-T\u00fcrsprechanlage<\/li>\n<\/ul>\n\n\n\n<p><\/p>\n<\/div><figure class=\"wp-block-media-text__media\" style=\"background-image:url(https:\/\/alto30.de\/reihenhaus\/wp-content\/uploads\/sites\/5\/2022\/10\/cam_innen_H2.W09.D05_001_web_1-1024x682.jpg);background-position:50% 50%\"><img loading=\"lazy\" decoding=\"async\" width=\"1024\" height=\"682\" src=\"https:\/\/alto30.de\/reihenhaus\/wp-content\/uploads\/sites\/5\/2022\/10\/cam_innen_H2.W09.D05_001_web_1-1024x682.jpg\" alt=\"\" class=\"wp-image-703 size-full\" srcset=\"https:\/\/alto30.de\/reihen-haus\/wp-content\/uploads\/sites\/5\/2022\/10\/cam_innen_H2.W09.D05_001_web_1-1024x682.jpg 1024w, https:\/\/alto30.de\/reihen-haus\/wp-content\/uploads\/sites\/5\/2022\/10\/cam_innen_H2.W09.D05_001_web_1-300x200.jpg 300w, https:\/\/alto30.de\/reihen-haus\/wp-content\/uploads\/sites\/5\/2022\/10\/cam_innen_H2.W09.D05_001_web_1-768x512.jpg 768w, https:\/\/alto30.de\/reihen-haus\/wp-content\/uploads\/sites\/5\/2022\/10\/cam_innen_H2.W09.D05_001_web_1-1536x1024.jpg 1536w, https:\/\/alto30.de\/reihen-haus\/wp-content\/uploads\/sites\/5\/2022\/10\/cam_innen_H2.W09.D05_001_web_1.jpg 2000w\" sizes=\"(max-width: 1024px) 100vw, 1024px\" \/><\/figure><\/div>\n\n\n\n<div class=\"wp-block-media-text alignfull is-image-fill is-stacked-on-mobile\"><figure class=\"wp-block-media-text__media\" style=\"background-image:url(https:\/\/alto30.de\/reihenhaus\/wp-content\/uploads\/sites\/5\/2022\/10\/cam_innen_H3.W09.D02_002_web_1-1024x682.jpg);background-position:50% 50%\"><img loading=\"lazy\" decoding=\"async\" width=\"1024\" height=\"682\" src=\"https:\/\/alto30.de\/reihenhaus\/wp-content\/uploads\/sites\/5\/2022\/10\/cam_innen_H3.W09.D02_002_web_1-1024x682.jpg\" alt=\"\" class=\"wp-image-704 size-full\" srcset=\"https:\/\/alto30.de\/reihen-haus\/wp-content\/uploads\/sites\/5\/2022\/10\/cam_innen_H3.W09.D02_002_web_1-1024x682.jpg 1024w, https:\/\/alto30.de\/reihen-haus\/wp-content\/uploads\/sites\/5\/2022\/10\/cam_innen_H3.W09.D02_002_web_1-300x200.jpg 300w, https:\/\/alto30.de\/reihen-haus\/wp-content\/uploads\/sites\/5\/2022\/10\/cam_innen_H3.W09.D02_002_web_1-768x512.jpg 768w, https:\/\/alto30.de\/reihen-haus\/wp-content\/uploads\/sites\/5\/2022\/10\/cam_innen_H3.W09.D02_002_web_1-1536x1024.jpg 1536w, https:\/\/alto30.de\/reihen-haus\/wp-content\/uploads\/sites\/5\/2022\/10\/cam_innen_H3.W09.D02_002_web_1.jpg 2000w\" sizes=\"(max-width: 1024px) 100vw, 1024px\" \/><\/figure><div class=\"wp-block-media-text__content\">\n<p style=\"font-size:36px\">Highlights<\/p>\n\n\n\n<ul class=\"wp-block-list\">\n<li>Moderne, qualitative Marken-Badausstattungen<\/li>\n\n\n\n<li>Formsch\u00f6ne Amaturen, abgestimmt auf das Gesamtkonzept unseres Architekten<\/li>\n\n\n\n<li>Zeitlos ansprechende Landhausdielen in Eiche mit wei\u00dfen modernen Holzsockelleisten<\/li>\n\n\n\n<li>R\u00e4ume im Untergeschoss teilweise in Echtholzparkett<\/li>\n\n\n\n<li>Hohe, raumpr\u00e4gende und stumpf einschlagende Innent\u00fcren in hochwertiger Ausf\u00fchrung<\/li>\n\n\n\n<li>B\u00e4der und G\u00e4ste-WCs mit gro\u00dfformatigen und geschmackvollen Feinsteinfliesen<\/li>\n\n\n\n<li>Elektrisch bedienbare Rollladenbeh\u00e4nge in Aluminium an allen Fenstern, inkl. Zentralschalter<\/li>\n\n\n\n<li>Alle Dachfl\u00e4chenfenster mit au\u00dfenliegendem Sonnenschutz, bedienbar \u00fcber Funk<\/li>\n\n\n\n<li>Frostsichere Au\u00dfenwasserh\u00e4hne an Terrassen und Dachterassen<\/li>\n\n\n\n<li>Einbruchsichere Beschl\u00e4ge an allen Fenstern im Erdgeschoss<\/li>\n\n\n\n<li>Umfangreiche Elektroausstattung, erweiterbar nach Ihren W\u00fcnschen<\/li>\n<\/ul>\n<\/div><\/div>\n\n\n\n<div class=\"wp-block-ma-blocks-block-ma-section alignfull no_margin has-background has-white-background-color\"><div class=\"ma-section-content\">\n<div class=\"wp-block-buttons is-content-justification-center is-layout-flex wp-container-core-buttons-is-layout-1 wp-block-buttons-is-layout-flex\">\n<div class=\"wp-block-button\"><a class=\"wp-block-button__link has-white-color has-col-blau-background-color has-text-color has-background wp-element-button\" href=\"https:\/\/hoenninger.typeform.com\/wohnbau?typeform-source=alto30.de\" target=\"_blank\" rel=\"noreferrer noopener\">Anfragen<\/a><\/div>\n<\/div>\n\n\n\n<p><\/p>\n<\/div><\/div>\n","protected":false},"excerpt":{"rendered":"","protected":false},"author":2,"featured_media":0,"parent":0,"menu_order":0,"comment_status":"closed","ping_status":"closed","template":"","meta":{"wp_mapbox_gl_js_media":[],"footnotes":""},"class_list":["post-10","page","type-page","status-publish","hentry","post_content"],"_links":{"self":[{"href":"https:\/\/alto30.de\/reihen-haus\/wp-json\/wp\/v2\/pages\/10"}],"collection":[{"href":"https:\/\/alto30.de\/reihen-haus\/wp-json\/wp\/v2\/pages"}],"about":[{"href":"https:\/\/alto30.de\/reihen-haus\/wp-json\/wp\/v2\/types\/page"}],"author":[{"embeddable":true,"href":"https:\/\/alto30.de\/reihen-haus\/wp-json\/wp\/v2\/users\/2"}],"replies":[{"embeddable":true,"href":"https:\/\/alto30.de\/reihen-haus\/wp-json\/wp\/v2\/comments?post=10"}],"version-history":[{"count":37,"href":"https:\/\/alto30.de\/reihen-haus\/wp-json\/wp\/v2\/pages\/10\/revisions"}],"predecessor-version":[{"id":817,"href":"https:\/\/alto30.de\/reihen-haus\/wp-json\/wp\/v2\/pages\/10\/revisions\/817"}],"wp:attachment":[{"href":"https:\/\/alto30.de\/reihen-haus\/wp-json\/wp\/v2\/media?parent=10"}],"curies":[{"name":"wp","href":"https:\/\/api.w.org\/{rel}","templated":true}]}}